{"id":22602,"date":"2025-08-01T08:55:53","date_gmt":"2025-08-01T06:55:53","guid":{"rendered":"https:\/\/new.barcelonatribuna.com\/?page_id=22602"},"modified":"2025-09-01T16:35:29","modified_gmt":"2025-09-01T14:35:29","slug":"noticias","status":"publish","type":"page","link":"https:\/\/www.amicsdelpais.com\/es\/noticias\/","title":{"rendered":"Noticias"},"content":{"rendered":"<style>.kb-row-layout-id22602_26c2de-24 > .kt-row-column-wrap{align-content:start;}:where(.kb-row-layout-id22602_26c2de-24 > .kt-row-column-wrap) > .wp-block-kadence-column{justify-content:start;}.kb-row-layout-id22602_26c2de-24 > .kt-row-column-wrap{column-gap:40px;row-gap:var(--global-kb-gap-md, 2rem);padding-top:0px;padding-bottom:80px;grid-template-columns:minmax(0, 2fr) minmax(0, 1fr);}.kb-row-layout-id22602_26c2de-24 > .kt-row-layout-overlay{opacity:0.30;}@media all and (max-width: 1024px){.kb-row-layout-id22602_26c2de-24 > .kt-row-column-wrap{grid-template-columns:minmax(0, 2fr) minmax(0, 1fr);}}@media all and (max-width: 767px){.kb-row-layout-id22602_26c2de-24 > .kt-row-column-wrap{grid-template-columns:minmax(0, 1fr);}}<\/style><div class=\"kb-row-layout-wrap kb-row-layout-id22602_26c2de-24 alignnone header_inside_01 wp-block-kadence-rowlayout\"><div class=\"kt-row-column-wrap kt-has-2-columns kt-row-layout-left-golden kt-tab-layout-inherit kt-mobile-layout-row kt-row-valign-top\">\n<style>.kadence-column22602_4105a2-95 > .kt-inside-inner-col,.kadence-column22602_4105a2-95 > .kt-inside-inner-col:before{border-top-left-radius:0px;border-top-right-radius:0px;border-bottom-right-radius:0px;border-bottom-left-radius:0px;}.kadence-column22602_4105a2-95 > .kt-inside-inner-col{column-gap:var(--global-kb-gap-sm, 1rem);}.kadence-column22602_4105a2-95 > .kt-inside-inner-col{flex-direction:column;}.kadence-column22602_4105a2-95 > .kt-inside-inner-col > .aligncenter{width:100%;}.kadence-column22602_4105a2-95 > .kt-inside-inner-col:before{opacity:0.3;}.kadence-column22602_4105a2-95{position:relative;}@media all and (max-width: 1024px){.kadence-column22602_4105a2-95 > .kt-inside-inner-col{flex-direction:column;justify-content:center;}}@media all and (max-width: 767px){.kadence-column22602_4105a2-95 > .kt-inside-inner-col{flex-direction:column;justify-content:center;}}<\/style>\n<div class=\"wp-block-kadence-column kadence-column22602_4105a2-95\"><div class=\"kt-inside-inner-col\">\n<h1 class=\"wp-block-heading\">Noticias<\/h1>\n\n\n\n<h2 class=\"wp-block-heading h5\">Amics del Pa\u00eds con Barcelona Tribuna es un foro de opini\u00f3n y debate plural e internacional que se re\u00fane peri\u00f3dicamente durante un comer-conferencia-coloque con destacadas personalidades del mundo econ\u00f3mico, social, cultural y cient\u00edfico.<\/h2>\n<\/div><\/div>\n\n\n<style>.kadence-column22602_d129ee-cc > .kt-inside-inner-col,.kadence-column22602_d129ee-cc > .kt-inside-inner-col:before{border-top-left-radius:0px;border-top-right-radius:0px;border-bottom-right-radius:0px;border-bottom-left-radius:0px;}.kadence-column22602_d129ee-cc > .kt-inside-inner-col{column-gap:var(--global-kb-gap-sm, 1rem);}.kadence-column22602_d129ee-cc > .kt-inside-inner-col{flex-direction:column;}.kadence-column22602_d129ee-cc > .kt-inside-inner-col > .aligncenter{width:100%;}.kadence-column22602_d129ee-cc > .kt-inside-inner-col:before{opacity:0.3;}.kadence-column22602_d129ee-cc{position:relative;}@media all and (max-width: 1024px){.kadence-column22602_d129ee-cc > .kt-inside-inner-col{flex-direction:column;justify-content:center;}}@media all and (max-width: 767px){.kadence-column22602_d129ee-cc > .kt-inside-inner-col{flex-direction:column;justify-content:center;}}<\/style>\n<div class=\"wp-block-kadence-column kadence-column22602_d129ee-cc\"><div class=\"kt-inside-inner-col\"><style>.wp-block-kadence-navigation22695-cpt-id{--kb-nav-dropdown-border-top-left-radius:0px;--kb-nav-dropdown-border-top-right-radius:0px;--kb-nav-dropdown-border-bottom-right-radius:0px;--kb-nav-dropdown-border-bottom-left-radius:0px;--kb-nav-dropdown-border-radius-top:0px;--kb-nav-dropdown-border-radius-right:0px;--kb-nav-dropdown-border-radius-bottom:0px;--kb-nav-dropdown-border-radius-left:0px;--kb-nav-top-not-last-link-border-right:var(--kb-nav-link-border-right);}.header-desktop-transparent .wp-block-kadence-navigation22695-cpt-id{--kb-nav-top-not-last-link-border-right:var(--kb-nav-link-border-right);}.item-is-stuck .wp-block-kadence-navigation22695-cpt-id{--kb-nav-top-not-last-link-border-right:var(--kb-nav-link-border-right);}.wp-block-kadence-navigation22695-cpt-id{--kb-nav-top-link-margin-bottom:15px;--kb-nav-top-link-color:var(--global-palette3, #1A202C);}@media all and (max-width: 1024px){.wp-block-kadence-navigation22695-cpt-id{--kb-nav-top-not-last-link-border-right:var(--kb-nav-link-border-right);}}@media all and (max-width: 1024px){.header-tablet-transparent .wp-block-kadence-navigation22695-cpt-id{--kb-nav-top-not-last-link-border-right:var(--kb-nav-link-border-right);}}@media all and (max-width: 1024px){.item-is-stuck .wp-block-kadence-navigation22695-cpt-id{--kb-nav-top-not-last-link-border-right:var(--kb-nav-link-border-right);}}@media all and (max-width: 767px){.wp-block-kadence-navigation22695-cpt-id{--kb-nav-top-not-last-link-border-right:var(--kb-nav-link-border-right);}.header-mobile-transparent .wp-block-kadence-navigation22695-cpt-id{--kb-nav-top-not-last-link-border-right:var(--kb-nav-link-border-right);}.item-is-stuck .wp-block-kadence-navigation22695-cpt-id{--kb-nav-top-not-last-link-border-right:var(--kb-nav-link-border-right);}}<\/style><div class=\"wp-block-kadence-navigation22695-cpt-id kb-nav-desktop-horizontal-layout-standard kb-nav-tablet-horizontal-layout-standard kb-nav-mobile-horizontal-layout-standard navigation-desktop-layout-fill-stretch-false navigation-tablet-layout-fill-stretch-false navigation-mobile-layout-fill-stretch-false navigation-desktop-orientation-vertical navigation-tablet-orientation-vertical navigation-mobile-orientation-vertical menu_interior_01 wp-block-kadence-navigation\" data-scroll-spy=\"\"><nav class=\"navigation navigation-desktop-style-standard navigation-tablet-style-standard navigation-mobile-style-standard navigation-desktop-dropdown-animation-none navigation-tablet-dropdown-animation-none navigation-mobile-dropdown-animation-none navigation-desktop-collapse-sub-menus-true navigation-tablet-collapse-sub-menus-true navigation-mobile-collapse-sub-menus-true navigation-desktop-parent-toggles-menus-false navigation-tablet-parent-toggles-menus-false navigation-mobile-parent-toggles-menus-false navigation-desktop-parent-active-false navigation-tablet-parent-active-false navigation-mobile-parent-active-false\"><div class=\"menu-container\"><ul class=\"kb-navigation menu collapse-sub-nav-desktop-true collapse-sub-nav-tablet-true collapse-sub-nav-mobile-true\">\n<style>.kb-nav-link-b5dv2zop4 > .kb-link-wrap.kb-link-wrap.kb-link-wrap.kb-link-wrap{--kb-nav-link-highlight-order:3;--kb-nav-link-highlight-icon-order:3;}.kb-nav-link-b5dv2zop4 > .kb-link-wrap.kb-link-wrap.kb-link-wrap.kb-link-wrap{--kb-nav-link-media-max-width:px;}<\/style><li class=\"wp-block-kadence-navigation-link kb-nav-link-b5dv2zop4 menu-item wp-block-kadence-navigation-link\"><div class=\"kb-link-wrap\"><a class=\"kb-nav-link-content\" href=\"https:\/\/www.amicsdelpais.com\/es\/agenda\/\">Agenda<\/a><\/div><\/li>\n\n<style>.kb-nav-link-0m2ah7yts > .kb-link-wrap.kb-link-wrap.kb-link-wrap.kb-link-wrap{--kb-nav-link-highlight-order:3;--kb-nav-link-highlight-icon-order:3;}.kb-nav-link-0m2ah7yts > .kb-link-wrap.kb-link-wrap.kb-link-wrap.kb-link-wrap{--kb-nav-link-media-max-width:px;}<\/style><li class=\"wp-block-kadence-navigation-link kb-nav-link-0m2ah7yts menu-item wp-block-kadence-navigation-link\"><div class=\"kb-link-wrap\"><a class=\"kb-nav-link-content\" href=\"https:\/\/www.amicsdelpais.com\/es\/noticias\/\">Noticias<\/a><\/div><\/li>\n\n<style>.kb-nav-link-homfe9ejs > .kb-link-wrap.kb-link-wrap.kb-link-wrap.kb-link-wrap{--kb-nav-link-highlight-order:3;--kb-nav-link-highlight-icon-order:3;}.kb-nav-link-homfe9ejs > .kb-link-wrap.kb-link-wrap.kb-link-wrap.kb-link-wrap{--kb-nav-link-media-max-width:px;}<\/style><li class=\"wp-block-kadence-navigation-link kb-nav-link-homfe9ejs menu-item wp-block-kadence-navigation-link\"><div class=\"kb-link-wrap\"><a class=\"kb-nav-link-content\" href=\"https:\/\/www.amicsdelpais.com\/es\/archivo-actividades\/\">Archivo de actividades<\/a><\/div><\/li>\n\n<style>.kb-nav-link-c7j33nshv > .kb-link-wrap.kb-link-wrap.kb-link-wrap.kb-link-wrap{--kb-nav-link-highlight-order:3;--kb-nav-link-highlight-icon-order:3;}.kb-nav-link-c7j33nshv > .kb-link-wrap.kb-link-wrap.kb-link-wrap.kb-link-wrap{--kb-nav-link-media-max-width:px;}<\/style><li class=\"wp-block-kadence-navigation-link kb-nav-link-c7j33nshv menu-item wp-block-kadence-navigation-link\"><div class=\"kb-link-wrap\"><a class=\"kb-nav-link-content\" href=\"https:\/\/www.amicsdelpais.com\/es\/suscripcion-boletin-electronico\/\">Suscripci\u00f3n Bolet\u00edn electr\u00f3nico<\/a><\/div><\/li>\n<\/ul><\/div><\/nav><\/div><\/div><\/div>\n\n<\/div><\/div>\n\n\n<div class=\"wp-block-ultimate-post-post-grid-parent ultp-post-grid-parent\" data-postid=\"22602\" data-grids=\"[{&quot;blockId&quot;:&quot;69a66f&quot;,&quot;name&quot;:&quot;ultimate-post_post-grid-1&quot;}]\" data-pagi=\"[&quot;ultp-block-0328a5&quot;]\"><div  class=\"ultp-post-grid-block wp-block-ultimate-post-post-grid-1 ultp-block-69a66f block_news\"><div class=\"ultp-block-wrapper\"><div class=\"ultp-loading\"><div class=\"ultp-loading-blocks\" style=\"width:100%;height:100%;\"><div style=\"left: 0;top: 0;animation-delay:0s;\"><\/div><div style=\"left: 21px;top: 0;animation-delay:0.125s;\"><\/div><div style=\"left: 42px;top: 0;animation-delay:0.25s;\"><\/div><div style=\"left: 0;top: 21px;animation-delay:0.875s;\"><\/div><div style=\"left: 42px;top: 21px;animation-delay:0.375s;\"><\/div><div style=\"left: 0;top: 42px;animation-delay:0.75s;\"><\/div><div style=\"left: 42px;top: 42px;animation-delay:0.625s;\"><\/div><div style=\"left: 21px;top: 42px;animation-delay:0.5s;\"><\/div><\/div><\/div><div class=\"ultp-block-items-wrap ultp-block-row ultp-pg1a-style1 ultp-grid1-responsive ultp-block-column-3 ultp-sm-column-2 ultp-xs-column-1 ultp-layout1\"><div class=\"ultp-block-item post-id-41555\"><div class=\"ultp-block-content-wrap\"><div class=\"ultp-block-image ultp-block-image-zoomIn\"><a href=\"https:\/\/www.amicsdelpais.com\/es\/amics-del-pais-refuerza-su-compromiso-con-el-talento-y-la-cohesion-social-destinando-mas-de-85-000-euros-para-fomentar-la-excelencia-investigadora-y-la-igualdad-de-oportunidades\/\" ><img decoding=\"async\"  class=\"ultp-block-image-content\"  alt=\"Guardonats dels premis Amics del Pa\u00eds de l&#039;edici\u00f3 de 2026\"  src=\"https:\/\/www.amicsdelpais.com\/wp-content\/uploads\/2026\/03\/premis10-870x570.jpg\" \/><\/a><\/div><div class=\"ultp-block-content\"><h5 class=\"ultp-block-title \"><a href=\"https:\/\/www.amicsdelpais.com\/es\/amics-del-pais-refuerza-su-compromiso-con-el-talento-y-la-cohesion-social-destinando-mas-de-85-000-euros-para-fomentar-la-excelencia-investigadora-y-la-igualdad-de-oportunidades\/\" >Amics del Pa\u00eds refuerza su compromiso con el talento y la cohesi\u00f3n social<\/a><\/h5><div class=\"ultp-block-meta ultp-block-meta-dot ultp-block-meta-icon\"><span class=\"ultp-block-date ultp-block-meta-element\"><svg xmlns=\"http:\/\/www.w3.org\/2000\/svg\" fill=\"none\" viewBox=\"0 0 24 24\">\n  <path stroke=\"currentColor\" stroke-linecap=\"round\" stroke-linejoin=\"round\" stroke-width=\"1.5\" d=\"M3 5.5a2 2 0 0 1 2-2h14a2 2 0 0 1 2 2v14a2 2 0 0 1-2 2H5a2 2 0 0 1-2-2v-14ZM8 2v3m8-3v3M3 9h18\"\/>\n<\/svg>\nMar 18, 2026<\/span><\/div><div class=\"ultp-block-excerpt\"><p>Amics del Pa\u00eds ha celebrado una nueva edici\u00f3n de la entrega de sus premios anuales, consolidando su papel como una&hellip;<\/p>\n<\/div><\/div><\/div><\/div><div class=\"ultp-block-item post-id-34950\"><div class=\"ultp-block-content-wrap\"><div class=\"ultp-block-image ultp-block-image-zoomIn\"><a href=\"https:\/\/www.amicsdelpais.com\/es\/amics-del-pais-lanza-la-xarxa-de-becaris-damics-del-pais\/\" ><img decoding=\"async\"  class=\"ultp-block-image-content\"  alt=\"Acte de presentaci\u00f3 de la Xarxa de Becaris d&#039;Amics del Pa\u00eds\"  src=\"https:\/\/www.amicsdelpais.com\/wp-content\/uploads\/2025\/12\/XARXABECARIS10_web-870x570.png\" \/><\/a><\/div><div class=\"ultp-block-content\"><h5 class=\"ultp-block-title \"><a href=\"https:\/\/www.amicsdelpais.com\/es\/amics-del-pais-lanza-la-xarxa-de-becaris-damics-del-pais\/\" >Amics del Pa\u00eds lanza la Xarxa de becaris d&#8217;Amics del Pa\u00eds<\/a><\/h5><div class=\"ultp-block-meta ultp-block-meta-dot ultp-block-meta-icon\"><span class=\"ultp-block-date ultp-block-meta-element\"><svg xmlns=\"http:\/\/www.w3.org\/2000\/svg\" fill=\"none\" viewBox=\"0 0 24 24\">\n  <path stroke=\"currentColor\" stroke-linecap=\"round\" stroke-linejoin=\"round\" stroke-width=\"1.5\" d=\"M3 5.5a2 2 0 0 1 2-2h14a2 2 0 0 1 2 2v14a2 2 0 0 1-2 2H5a2 2 0 0 1-2-2v-14ZM8 2v3m8-3v3M3 9h18\"\/>\n<\/svg>\nDic 16, 2025<\/span><\/div><div class=\"ultp-block-excerpt\"><p>Amics del Pa\u00eds celebra el primer encuentro de la Xarxa de becarios de Amics del Pa\u00eds, formada por m\u00e1s de&hellip;<\/p>\n<\/div><\/div><\/div><\/div><div class=\"ultp-block-item post-id-31617\"><div class=\"ultp-block-content-wrap\"><div class=\"ultp-block-image ultp-block-image-zoomIn\"><a href=\"https:\/\/www.amicsdelpais.com\/es\/amics-del-pais-abre-la-convocatoria-de-los-premios-amics-del-pais-2025\/\" ><img decoding=\"async\"  class=\"ultp-block-image-content\"  alt=\"Guardonat de l&#039;edici\u00f3 dels premis Amics del Pa\u00eds 2025\"  src=\"https:\/\/www.amicsdelpais.com\/wp-content\/uploads\/2025\/11\/A0S4225_web-870x570.png\" \/><\/a><\/div><div class=\"ultp-block-content\"><h5 class=\"ultp-block-title \"><a href=\"https:\/\/www.amicsdelpais.com\/es\/amics-del-pais-abre-la-convocatoria-de-los-premios-amics-del-pais-2025\/\" >Amics del Pa\u00eds abre la convocatoria de los premios anuales de la entidad<\/a><\/h5><div class=\"ultp-block-meta ultp-block-meta-dot ultp-block-meta-icon\"><span class=\"ultp-block-date ultp-block-meta-element\"><svg xmlns=\"http:\/\/www.w3.org\/2000\/svg\" fill=\"none\" viewBox=\"0 0 24 24\">\n  <path stroke=\"currentColor\" stroke-linecap=\"round\" stroke-linejoin=\"round\" stroke-width=\"1.5\" d=\"M3 5.5a2 2 0 0 1 2-2h14a2 2 0 0 1 2 2v14a2 2 0 0 1-2 2H5a2 2 0 0 1-2-2v-14ZM8 2v3m8-3v3M3 9h18\"\/>\n<\/svg>\nNov 6, 2025<\/span><\/div><div class=\"ultp-block-excerpt\"><p>Amics del Pa\u00eds abre, un a\u00f1o m\u00e1s, la convocatoria anual de los premios Amics del Pa\u00eds: las Becas Dr. Joan&hellip;<\/p>\n<\/div><\/div><\/div><\/div><div class=\"ultp-block-item post-id-16619\"><div class=\"ultp-block-content-wrap\"><div class=\"ultp-block-image ultp-block-image-zoomIn\"><a href=\"https:\/\/www.amicsdelpais.com\/es\/amics_del_pais_distingue_la_trayectoria_academica_y_publica_del_profesor_andreu_mascolell_con_el_premio_alexandre_pedros_2025\/\" ><img decoding=\"async\"  class=\"ultp-block-image-content\"  alt=\"Amics del Pa\u00eds distingue la trayectoria acad\u00e9mica y p\u00fablica del profesor Andreu Mas-Colell con el premio Alexandre Pedr\u00f3s 2025\"  src=\"https:\/\/www.amicsdelpais.com\/wp-content\/uploads\/2025\/07\/2160_dv_premialexandrepedros_1_web-870x570.png\" \/><\/a><\/div><div class=\"ultp-block-content\"><h5 class=\"ultp-block-title \"><a href=\"https:\/\/www.amicsdelpais.com\/es\/amics_del_pais_distingue_la_trayectoria_academica_y_publica_del_profesor_andreu_mascolell_con_el_premio_alexandre_pedros_2025\/\" >Amics del Pa\u00eds distingue la trayectoria acad\u00e9mica y p\u00fablica del profesor Andreu Mas-Colell con el premio Alexandre Pedr\u00f3s 2025<\/a><\/h5><div class=\"ultp-block-meta ultp-block-meta-dot ultp-block-meta-icon\"><span class=\"ultp-block-date ultp-block-meta-element\"><svg xmlns=\"http:\/\/www.w3.org\/2000\/svg\" fill=\"none\" viewBox=\"0 0 24 24\">\n  <path stroke=\"currentColor\" stroke-linecap=\"round\" stroke-linejoin=\"round\" stroke-width=\"1.5\" d=\"M3 5.5a2 2 0 0 1 2-2h14a2 2 0 0 1 2 2v14a2 2 0 0 1-2 2H5a2 2 0 0 1-2-2v-14ZM8 2v3m8-3v3M3 9h18\"\/>\n<\/svg>\nMay 20, 2025<\/span><\/div><div class=\"ultp-block-excerpt\"><p>La Societat Econ\u00f2mica Barcelonesa d&#8217;Amics del Pa\u00eds ha reconocido hoy, martes 20 de mayo, la trayectoria acad\u00e9mica e institucional del&hellip;<\/p>\n<\/div><\/div><\/div><\/div><div class=\"ultp-block-item post-id-16618\"><div class=\"ultp-block-content-wrap\"><div class=\"ultp-block-image ultp-block-image-zoomIn\"><a href=\"https:\/\/www.amicsdelpais.com\/es\/la_junta_directiva_de_amics_del_pais_aprueba_por_unanimidad_poner_el_nombre_del_dr_joan_guinovart_en_las_becas_para_jovenes_investigadores\/\" ><img decoding=\"async\"  class=\"ultp-block-image-content\"  alt=\"La Junta Directiva de Amics del Pa\u00eds aprueba por unanimidad poner el nombre del Dr. Joan Guinovart en las becas para j\u00f3venes investigadores\"  src=\"https:\/\/www.amicsdelpais.com\/wp-content\/uploads\/2025\/07\/2153_yv_dr_joan_guinovart_a_barcelona_tribuna-870x570.jpg\" \/><\/a><\/div><div class=\"ultp-block-content\"><h5 class=\"ultp-block-title \"><a href=\"https:\/\/www.amicsdelpais.com\/es\/la_junta_directiva_de_amics_del_pais_aprueba_por_unanimidad_poner_el_nombre_del_dr_joan_guinovart_en_las_becas_para_jovenes_investigadores\/\" >La Junta Directiva de Amics del Pa\u00eds aprueba por unanimidad poner el nombre del Dr. Joan Guinovart en las becas para j\u00f3venes investigadores<\/a><\/h5><div class=\"ultp-block-meta ultp-block-meta-dot ultp-block-meta-icon\"><span class=\"ultp-block-date ultp-block-meta-element\"><svg xmlns=\"http:\/\/www.w3.org\/2000\/svg\" fill=\"none\" viewBox=\"0 0 24 24\">\n  <path stroke=\"currentColor\" stroke-linecap=\"round\" stroke-linejoin=\"round\" stroke-width=\"1.5\" d=\"M3 5.5a2 2 0 0 1 2-2h14a2 2 0 0 1 2 2v14a2 2 0 0 1-2 2H5a2 2 0 0 1-2-2v-14ZM8 2v3m8-3v3M3 9h18\"\/>\n<\/svg>\nAbr 10, 2025<\/span><\/div><div class=\"ultp-block-excerpt\"><p>Ayer, mi\u00e9rcoles 9 de abril, la Junta Directiva de la Societat Econ\u00f2mica Barcelonesa d&#8217;Amics del Pa\u00eds decidi\u00f3 cambiar el nombre&hellip;<\/p>\n<\/div><\/div><\/div><\/div><div class=\"ultp-block-item post-id-16617\"><div class=\"ultp-block-content-wrap\"><div class=\"ultp-block-image ultp-block-image-zoomIn\"><a href=\"https:\/\/www.amicsdelpais.com\/es\/amics_del_pais_conmemora_la_trayectoria_del_cinetifico_joan_guinovart_presidente_de_la_comision_de_investigacion_de_amics_del_pais_20152025\/\" ><img decoding=\"async\"  class=\"ultp-block-image-content\"  alt=\"Amics del Pa\u00eds conmemora la trayectoria del cinet\u00edfico Joan Guinovart, presidente de la comisi\u00f3n de Investigaci\u00f3n de Amics del Pa\u00eds (2015-2025)\"  src=\"https:\/\/www.amicsdelpais.com\/wp-content\/uploads\/2025\/07\/2151_bc_sebapactehomenatge2-870x570.jpg\" \/><\/a><\/div><div class=\"ultp-block-content\"><h5 class=\"ultp-block-title \"><a href=\"https:\/\/www.amicsdelpais.com\/es\/amics_del_pais_conmemora_la_trayectoria_del_cinetifico_joan_guinovart_presidente_de_la_comision_de_investigacion_de_amics_del_pais_20152025\/\" >Amics del Pa\u00eds conmemora la trayectoria del cinet\u00edfico Joan Guinovart, presidente de la comisi\u00f3n de Investigaci\u00f3n de Amics del Pa\u00eds (2015-2025)<\/a><\/h5><div class=\"ultp-block-meta ultp-block-meta-dot ultp-block-meta-icon\"><span class=\"ultp-block-date ultp-block-meta-element\"><svg xmlns=\"http:\/\/www.w3.org\/2000\/svg\" fill=\"none\" viewBox=\"0 0 24 24\">\n  <path stroke=\"currentColor\" stroke-linecap=\"round\" stroke-linejoin=\"round\" stroke-width=\"1.5\" d=\"M3 5.5a2 2 0 0 1 2-2h14a2 2 0 0 1 2 2v14a2 2 0 0 1-2 2H5a2 2 0 0 1-2-2v-14ZM8 2v3m8-3v3M3 9h18\"\/>\n<\/svg>\nAbr 1, 2025<\/span><\/div><div class=\"ultp-block-excerpt\"><p>\u00a0 Hoy,\u00a0martes 1 de abril de 2025, en el Palacio Macaya de la Fundaci\u00f3n \u201cla Caixa\u201d, la\u00a0Societat Econ\u00f2mica Barcelonesa d&#8217;Amics&hellip;<\/p>\n<\/div><\/div><\/div><\/div><div class=\"ultp-block-item post-id-16616\"><div class=\"ultp-block-content-wrap\"><div class=\"ultp-block-image ultp-block-image-zoomIn\"><a href=\"https:\/\/www.amicsdelpais.com\/es\/la_asamblea_general_ordinaria_de_socios_de_amics_del_pais_aprueba_el_nombramiento_de_nuevos_miembros_de_la_junta_directiva\/\" ><img decoding=\"async\"  class=\"ultp-block-image-content\"  alt=\"La Asamblea General Ordinaria de Socios de Amics del Pa\u00eds aprueba el nombramiento de nuevos miembros de la Junta Directiva\"  src=\"https:\/\/www.amicsdelpais.com\/wp-content\/uploads\/2025\/07\/2147_ci_foto_ago_2024-870x570.png\" \/><\/a><\/div><div class=\"ultp-block-content\"><h5 class=\"ultp-block-title \"><a href=\"https:\/\/www.amicsdelpais.com\/es\/la_asamblea_general_ordinaria_de_socios_de_amics_del_pais_aprueba_el_nombramiento_de_nuevos_miembros_de_la_junta_directiva\/\" >La Asamblea General Ordinaria de Socios de Amics del Pa\u00eds aprueba el nombramiento de nuevos miembros de la Junta Directiva<\/a><\/h5><div class=\"ultp-block-meta ultp-block-meta-dot ultp-block-meta-icon\"><span class=\"ultp-block-date ultp-block-meta-element\"><svg xmlns=\"http:\/\/www.w3.org\/2000\/svg\" fill=\"none\" viewBox=\"0 0 24 24\">\n  <path stroke=\"currentColor\" stroke-linecap=\"round\" stroke-linejoin=\"round\" stroke-width=\"1.5\" d=\"M3 5.5a2 2 0 0 1 2-2h14a2 2 0 0 1 2 2v14a2 2 0 0 1-2 2H5a2 2 0 0 1-2-2v-14ZM8 2v3m8-3v3M3 9h18\"\/>\n<\/svg>\nMar 20, 2025<\/span><\/div><div class=\"ultp-block-excerpt\"><p>Ayer, mi\u00e9rcoles 19 de marzo en la sede social de la Societat Econ\u00f2mica Barcelonesa d&#8217;Amics del Pa\u00eds, la Asamblea General&hellip;<\/p>\n<\/div><\/div><\/div><\/div><div class=\"ultp-block-item post-id-16611\"><div class=\"ultp-block-content-wrap\"><div class=\"ultp-block-image ultp-block-image-zoomIn\"><a href=\"https:\/\/www.amicsdelpais.com\/es\/amics_del_pais_destina_mas_de_85000_euros_para_fomentar_la_excelencia_investigadora_y_la_igualdad_de_oportunidades_durante_el_acto_de_entrega_de_sus_premios_anuales\/\" ><img decoding=\"async\"  class=\"ultp-block-image-content\"  alt=\"Amics del Pa\u00eds destina m\u00e1s de 85.000 euros para fomentar la excelencia investigadora y la igualdad de oportunidades durante el acto de entrega de sus premios anuales\"  src=\"https:\/\/www.amicsdelpais.com\/wp-content\/uploads\/2025\/07\/2141_6d__a0s4225_web-870x570.png\" \/><\/a><\/div><div class=\"ultp-block-content\"><h5 class=\"ultp-block-title \"><a href=\"https:\/\/www.amicsdelpais.com\/es\/amics_del_pais_destina_mas_de_85000_euros_para_fomentar_la_excelencia_investigadora_y_la_igualdad_de_oportunidades_durante_el_acto_de_entrega_de_sus_premios_anuales\/\" >Amics del Pa\u00eds destina m\u00e1s de 85.000 euros para fomentar la excelencia investigadora y la igualdad de oportunidades durante el acto de entrega de sus premios anuales<\/a><\/h5><div class=\"ultp-block-meta ultp-block-meta-dot ultp-block-meta-icon\"><span class=\"ultp-block-date ultp-block-meta-element\"><svg xmlns=\"http:\/\/www.w3.org\/2000\/svg\" fill=\"none\" viewBox=\"0 0 24 24\">\n  <path stroke=\"currentColor\" stroke-linecap=\"round\" stroke-linejoin=\"round\" stroke-width=\"1.5\" d=\"M3 5.5a2 2 0 0 1 2-2h14a2 2 0 0 1 2 2v14a2 2 0 0 1-2 2H5a2 2 0 0 1-2-2v-14ZM8 2v3m8-3v3M3 9h18\"\/>\n<\/svg>\nMar 19, 2025<\/span><\/div><div class=\"ultp-block-excerpt\"><p>Hoy, mi\u00e9rcoles 19 de marzo de 2025, Amics del Pa\u00eds ha celebrado el tradicional acto de entrega de los premios&hellip;<\/p>\n<\/div><\/div><\/div><\/div><div class=\"ultp-block-item post-id-16605\"><div class=\"ultp-block-content-wrap\"><div class=\"ultp-block-image ultp-block-image-zoomIn\"><a href=\"https:\/\/www.amicsdelpais.com\/es\/se_abre_la_convocatoria_de_las_becas_de_mobilidad_de_amics_del_pais\/\" ><img decoding=\"async\"  class=\"ultp-block-image-content\"  alt=\"Se abre la convocatoria de las becas de mobilidad de Amics del Pa\u00eds\"  src=\"https:\/\/www.amicsdelpais.com\/wp-content\/uploads\/2025\/07\/2044_ve_sebap11_web-870x570.jpg\" \/><\/a><\/div><div class=\"ultp-block-content\"><h5 class=\"ultp-block-title \"><a href=\"https:\/\/www.amicsdelpais.com\/es\/se_abre_la_convocatoria_de_las_becas_de_mobilidad_de_amics_del_pais\/\" >Se abre la convocatoria de las becas de mobilidad de Amics del Pa\u00eds<\/a><\/h5><div class=\"ultp-block-meta ultp-block-meta-dot ultp-block-meta-icon\"><span class=\"ultp-block-date ultp-block-meta-element\"><svg xmlns=\"http:\/\/www.w3.org\/2000\/svg\" fill=\"none\" viewBox=\"0 0 24 24\">\n  <path stroke=\"currentColor\" stroke-linecap=\"round\" stroke-linejoin=\"round\" stroke-width=\"1.5\" d=\"M3 5.5a2 2 0 0 1 2-2h14a2 2 0 0 1 2 2v14a2 2 0 0 1-2 2H5a2 2 0 0 1-2-2v-14ZM8 2v3m8-3v3M3 9h18\"\/>\n<\/svg>\nNov 5, 2024<\/span><\/div><div class=\"ultp-block-excerpt\"><p>Con el objetivo de promover el desarrollo de la investigaci\u00f3n de nuestro pa\u00eds, Amics del Pa\u00eds abre una nueva convocatoria&hellip;<\/p>\n<\/div><\/div><\/div><\/div><\/div><\/div><div class=\"pagination-block-html\" aria-hidden=\"true\" style=\"display: none;\"><div class=\"ultp-pagination-wrap ultp-pagination-ajax-action\"  data-for=\"ultp-block-69a66f\"  data-blockid=\"69a66f\"  data-expost=\"\"  data-paged=\"1\"  data-pages=\"8\"  data-blockname=\"ultimate-post_post-grid-1\"  data-postid=\"22602\"  data-selfpostid=\"yes\" ><ul class=\"ultp-pagination\"><li class=\"ultp-prev-page-numbers\" style=\"display:none\"><a href=\"https:\/\/www.amicsdelpais.com\/es\/wp-json\/wp\/v2\/pages\/22602\/\"><svg xmlns=\"http:\/\/www.w3.org\/2000\/svg\" fill=\"none\" viewBox=\"0 0 24 24\">\n  <path stroke=\"currentColor\" stroke-linecap=\"round\" stroke-linejoin=\"round\" stroke-width=\"1.5\" d=\"m15 18-6-6 6-6\"\/>\n<\/svg>\n <\/a><\/li><li class=\"ultp-first-pages\" style=\"display:none\" data-current=\"1\"><a href=\"https:\/\/www.amicsdelpais.com\/es\/wp-json\/wp\/v2\/pages\/22602\/\">1<\/a><\/li><li class=\"ultp-first-dot\"style=\"display:none\"><a href=\"#\">&#8230;<\/a><\/li><li class=\"ultp-center-item pagination-active\" data-current=\"1\"><a href=\"https:\/\/www.amicsdelpais.com\/es\/wp-json\/wp\/v2\/pages\/22602\/\">1<\/a><\/li><li class=\"ultp-center-item\" data-current=\"2\" ><a href=\"https:\/\/www.amicsdelpais.com\/es\/wp-json\/wp\/v2\/pages\/22602\/page\/2\/\">2<\/a><\/li><li class=\"ultp-center-item\" data-current=\"3\" ><a href=\"https:\/\/www.amicsdelpais.com\/es\/wp-json\/wp\/v2\/pages\/22602\/page\/3\/\">3<\/a><\/li><li class=\"ultp-last-dot\" ><a href=\"#\">&#8230;<\/a><\/li><li class=\"ultp-last-pages\" data-current=\"8\"><a href=\"https:\/\/www.amicsdelpais.com\/es\/wp-json\/wp\/v2\/pages\/22602\/page\/8\/\">8<\/a><\/li><li class=\"ultp-next-page-numbers\"><a href=\"https:\/\/www.amicsdelpais.com\/es\/wp-json\/wp\/v2\/pages\/22602\/page\/2\/\"><svg xmlns=\"http:\/\/www.w3.org\/2000\/svg\" fill=\"none\" viewBox=\"0 0 24 24\">\n  <path stroke=\"currentColor\" stroke-linecap=\"round\" stroke-linejoin=\"round\" stroke-width=\"1.5\" d=\"m9 18 6-6-6-6\"\/>\n<\/svg>\n<\/a><\/li><\/ul><\/div><\/div><\/div>\n\n\n<div class=\"wp-block-ultimate-post-post-pagination ultp-block-0328a5 ultp-pagination-block ultp-pagination-wrap\"><div class=\"ultp-pagination-wrap ultp-disable-editor-click ultp-pagination-ajax-action\"><ul class=\"ultp-pagination\"><li><a href=\"#\" class=\"ultp-prev-page-numbers\"><svg enable-background=\"new 0 0 477.175 477.175\" version=\"1.1\" viewBox=\"0 0 477.18 477.18\"><path d=\"m145.19 238.58 215.5-215.5c5.3-5.3 5.3-13.8 0-19.1s-13.8-5.3-19.1 0l-225.1 225.1c-5.3 5.3-5.3 13.8 0 19.1l225.1 225c2.6 2.6 6.1 4 9.5 4s6.9-1.3 9.5-4c5.3-5.3 5.3-13.8 0-19.1l-215.4-215.5z\"><\/path><\/svg><\/a><\/li><li><a href=\"#\">1<\/a><\/li><li><a href=\"#\">2<\/a><\/li><li><a href=\"#\">3<\/a><\/li><li><a href=\"#\" class=\"ultp-next-page-numbers\"><svg enable-background=\"new 0 0 477.175 477.175\" version=\"1.1\" viewBox=\"0 0 477.18 477.18\"><path d=\"m360.73 229.08-225.1-225.1c-5.3-5.3-13.8-5.3-19.1 0s-5.3 13.8 0 19.1l215.5 215.5-215.5 215.5c-5.3 5.3-5.3 13.8 0 19.1 2.6 2.6 6.1 4 9.5 4s6.9-1.3 9.5-4l225.1-225.1c5.3-5.2 5.3-13.8 0.1-19z\"><\/path><\/svg><\/a><\/li><\/ul><\/div><\/div>\n<\/div>\n\n\n<style>.kb-row-layout-id22856_13010e-12 > .kt-row-column-wrap{align-content:start;}:where(.kb-row-layout-id22856_13010e-12 > .kt-row-column-wrap) > .wp-block-kadence-column{justify-content:start;}.kb-row-layout-id22856_13010e-12 > .kt-row-column-wrap{column-gap:60px;row-gap:var(--global-kb-gap-md, 2rem);max-width:1280px;margin-left:auto;margin-right:auto;padding-top:var(--global-kb-spacing-sm, 1.5rem);padding-bottom:var(--global-kb-spacing-sm, 1.5rem);grid-template-columns:minmax(0, calc(75% - ((60px * 1 )\/2)))minmax(0, calc(25% - ((60px * 1 )\/2)));}.kb-row-layout-id22856_13010e-12{background-color:#fecc8c;}.kb-row-layout-id22856_13010e-12 > .kt-row-layout-overlay{opacity:0.30;}@media all and (max-width: 1024px){.kb-row-layout-id22856_13010e-12 > .kt-row-column-wrap{column-gap:var(--global-kb-gap-sm, 1rem);grid-template-columns:repeat(2, minmax(0, 1fr));}}@media all and (max-width: 767px){.kb-row-layout-id22856_13010e-12 > .kt-row-column-wrap{grid-template-columns:minmax(0, 1fr);}}<\/style><div class=\"kb-row-layout-wrap kb-row-layout-id22856_13010e-12 alignfull kt-row-has-bg block_newsletter version_large wp-block-kadence-rowlayout\"><div class=\"kt-row-column-wrap kt-has-2-columns kt-row-layout-equal kt-tab-layout-inherit kt-mobile-layout-row kt-row-valign-top\">\n<style>.kadence-column22856_baf1fb-41 > .kt-inside-inner-col{display:flex;}.kadence-column22856_baf1fb-41 > .kt-inside-inner-col,.kadence-column22856_baf1fb-41 > .kt-inside-inner-col:before{border-top-left-radius:0px;border-top-right-radius:0px;border-bottom-right-radius:0px;border-bottom-left-radius:0px;}.kadence-column22856_baf1fb-41 > .kt-inside-inner-col{column-gap:var(--global-kb-gap-sm, 1rem);}.kadence-column22856_baf1fb-41 > .kt-inside-inner-col{flex-direction:column;justify-content:center;}.kadence-column22856_baf1fb-41 > .kt-inside-inner-col > .aligncenter{width:100%;}.kt-row-column-wrap > .kadence-column22856_baf1fb-41{align-self:center;}.kt-inner-column-height-full:not(.kt-has-1-columns) > .wp-block-kadence-column.kadence-column22856_baf1fb-41{align-self:auto;}.kt-inner-column-height-full:not(.kt-has-1-columns) > .wp-block-kadence-column.kadence-column22856_baf1fb-41 > .kt-inside-inner-col{flex-direction:column;justify-content:center;}.kadence-column22856_baf1fb-41 > .kt-inside-inner-col:before{opacity:0.3;}.kadence-column22856_baf1fb-41{position:relative;}@media all and (max-width: 1024px){.kt-row-column-wrap > .kadence-column22856_baf1fb-41{align-self:center;}}@media all and (max-width: 1024px){.kt-inner-column-height-full:not(.kt-has-1-columns) > .wp-block-kadence-column.kadence-column22856_baf1fb-41{align-self:auto;}}@media all and (max-width: 1024px){.kt-inner-column-height-full:not(.kt-has-1-columns) > .wp-block-kadence-column.kadence-column22856_baf1fb-41 > .kt-inside-inner-col{flex-direction:column;justify-content:center;}}@media all and (max-width: 1024px){.kadence-column22856_baf1fb-41 > .kt-inside-inner-col{flex-direction:column;justify-content:center;}}@media all and (max-width: 767px){.kadence-column22856_baf1fb-41 > .kt-inside-inner-col{padding-right:80px;flex-direction:column;justify-content:center;}.kt-row-column-wrap > .kadence-column22856_baf1fb-41{align-self:center;}.kt-inner-column-height-full:not(.kt-has-1-columns) > .wp-block-kadence-column.kadence-column22856_baf1fb-41{align-self:auto;}.kt-inner-column-height-full:not(.kt-has-1-columns) > .wp-block-kadence-column.kadence-column22856_baf1fb-41 > .kt-inside-inner-col{flex-direction:column;justify-content:center;}}<\/style>\n<div class=\"wp-block-kadence-column kadence-column22856_baf1fb-41\"><div class=\"kt-inside-inner-col\">\n<h2 class=\"wp-block-heading h1\">Subscripci\u00f3n a nuestro newsletter<\/h2>\n\n\n\n<p>Suscr\u00edbete a nuestros newsletter para estar al d\u00eda de todo lo que hacemos. Recibir\u00e1s el <strong>Newsletter de Amics del Pa\u00eds<\/strong> y el <strong>Newsletter de Barcelona Tribuna<\/strong> con informaci\u00f3n sobre nuestras actividades y noticias destacadas con las convocatorias y novedades de las conferencias que organizamos.<\/p>\n<\/div><\/div>\n\n\n<style>.kadence-column22856_8871d5-f4 > .kt-inside-inner-col{display:flex;}.kadence-column22856_8871d5-f4 > .kt-inside-inner-col,.kadence-column22856_8871d5-f4 > .kt-inside-inner-col:before{border-top-left-radius:0px;border-top-right-radius:0px;border-bottom-right-radius:0px;border-bottom-left-radius:0px;}.kadence-column22856_8871d5-f4 > .kt-inside-inner-col{column-gap:var(--global-kb-gap-sm, 1rem);}.kadence-column22856_8871d5-f4 > .kt-inside-inner-col{flex-direction:column;justify-content:center;}.kadence-column22856_8871d5-f4 > .kt-inside-inner-col > .aligncenter{width:100%;}.kt-row-column-wrap > .kadence-column22856_8871d5-f4{align-self:center;}.kt-inner-column-height-full:not(.kt-has-1-columns) > .wp-block-kadence-column.kadence-column22856_8871d5-f4{align-self:auto;}.kt-inner-column-height-full:not(.kt-has-1-columns) > .wp-block-kadence-column.kadence-column22856_8871d5-f4 > .kt-inside-inner-col{flex-direction:column;justify-content:center;}.kadence-column22856_8871d5-f4 > .kt-inside-inner-col:before{opacity:0.3;}.kadence-column22856_8871d5-f4{position:relative;}@media all and (max-width: 1024px){.kt-row-column-wrap > .kadence-column22856_8871d5-f4{align-self:center;}}@media all and (max-width: 1024px){.kt-inner-column-height-full:not(.kt-has-1-columns) > .wp-block-kadence-column.kadence-column22856_8871d5-f4{align-self:auto;}}@media all and (max-width: 1024px){.kt-inner-column-height-full:not(.kt-has-1-columns) > .wp-block-kadence-column.kadence-column22856_8871d5-f4 > .kt-inside-inner-col{flex-direction:column;justify-content:center;}}@media all and (max-width: 1024px){.kadence-column22856_8871d5-f4 > .kt-inside-inner-col{flex-direction:column;justify-content:center;}}@media all and (max-width: 767px){.kadence-column22856_8871d5-f4 > .kt-inside-inner-col{padding-right:80px;flex-direction:column;justify-content:center;}.kt-row-column-wrap > .kadence-column22856_8871d5-f4{align-self:center;}.kt-inner-column-height-full:not(.kt-has-1-columns) > .wp-block-kadence-column.kadence-column22856_8871d5-f4{align-self:auto;}.kt-inner-column-height-full:not(.kt-has-1-columns) > .wp-block-kadence-column.kadence-column22856_8871d5-f4 > .kt-inside-inner-col{flex-direction:column;justify-content:center;}}<\/style>\n<div class=\"wp-block-kadence-column kadence-column22856_8871d5-f4\"><div class=\"kt-inside-inner-col\">\n<div class=\"wp-block-buttons is-layout-flex wp-block-buttons-is-layout-flex\">\n<div class=\"wp-block-button\"><a class=\"wp-block-button__link wp-element-button\" href=\"https:\/\/www.amicsdelpais.com\/es\/suscripcion-boletin-electronico\/\">Ir a la suscripci\u00f3n<\/a><\/div>\n<\/div>\n<\/div><\/div>\n\n<\/div><\/div>","protected":false},"excerpt":{"rendered":"<p>Noticias Amics del Pa\u00eds con Barcelona Tribuna es un foro de opini\u00f3n y debate plural e internacional que se re\u00fane peri\u00f3dicamente durante un comer-conferencia-coloque con destacadas personalidades del mundo econ\u00f3mico, social, cultural y cient\u00edfico.<\/p>\n","protected":false},"author":3,"featured_media":0,"parent":0,"menu_order":0,"comment_status":"closed","ping_status":"closed","template":"","meta":{"inline_featured_image":false,"_kad_blocks_custom_css":"","_kad_blocks_head_custom_js":"","_kad_blocks_body_custom_js":"","_kad_blocks_footer_custom_js":"","_price":"","_stock":"","_tribe_ticket_header":"","_tribe_default_ticket_provider":"","_ticket_start_date":"","_ticket_end_date":"","_tribe_ticket_show_description":"","_tribe_ticket_show_not_going":false,"_tribe_ticket_use_global_stock":"","_tribe_ticket_global_stock_level":"","_global_stock_mode":"","_global_stock_cap":"","_tribe_rsvp_for_event":"","_tribe_ticket_going_count":"","_tribe_ticket_not_going_count":"","_tribe_tickets_list":"[]","_tribe_ticket_has_attendee_info_fields":false,"_kad_post_transparent":"","_kad_post_title":"","_kad_post_layout":"","_kad_post_sidebar_id":"","_kad_post_content_style":"","_kad_post_vertical_padding":"","_kad_post_feature":"","_kad_post_feature_position":"","_kad_post_header":false,"_kad_post_footer":false,"_kad_post_classname":"","footnotes":""},"class_list":["post-22602","page","type-page","status-publish","hentry"],"taxonomy_info":[],"featured_image_src_large":false,"author_info":{"display_name":"Llu\u00eds Jard\u00ed","author_link":"https:\/\/www.amicsdelpais.com\/es\/author\/ideadmin\/"},"comment_info":0,"_links":{"self":[{"href":"https:\/\/www.amicsdelpais.com\/es\/wp-json\/wp\/v2\/pages\/22602","targetHints":{"allow":["GET"]}}],"collection":[{"href":"https:\/\/www.amicsdelpais.com\/es\/wp-json\/wp\/v2\/pages"}],"about":[{"href":"https:\/\/www.amicsdelpais.com\/es\/wp-json\/wp\/v2\/types\/page"}],"author":[{"embeddable":true,"href":"https:\/\/www.amicsdelpais.com\/es\/wp-json\/wp\/v2\/users\/3"}],"replies":[{"embeddable":true,"href":"https:\/\/www.amicsdelpais.com\/es\/wp-json\/wp\/v2\/comments?post=22602"}],"version-history":[{"count":4,"href":"https:\/\/www.amicsdelpais.com\/es\/wp-json\/wp\/v2\/pages\/22602\/revisions"}],"predecessor-version":[{"id":22876,"href":"https:\/\/www.amicsdelpais.com\/es\/wp-json\/wp\/v2\/pages\/22602\/revisions\/22876"}],"wp:attachment":[{"href":"https:\/\/www.amicsdelpais.com\/es\/wp-json\/wp\/v2\/media?parent=22602"}],"curies":[{"name":"wp","href":"https:\/\/api.w.org\/{rel}","templated":true}]}}